{"id":53292,"date":"2023-10-13T08:47:14","date_gmt":"2023-10-25T09:44:33","guid":{"rendered":"https:\/\/pro.alfaforni.com\/?post_type=product&#038;p=53292"},"modified":"2024-04-25T18:09:41","modified_gmt":"2024-04-25T16:09:41","slug":"conduit-de-fumee-alfa","status":"publish","type":"product","link":"https:\/\/pro.alfaforni.com\/fr\/produit\/conduit-de-fumee-alfa\/","title":{"rendered":"Conduit de fum\u00e9e"},"content":{"rendered":"<p><div class=\"fusion-fullwidth fullwidth-box fusion-builder-row-1 fusion-flex-container has-pattern-background has-mask-background nonhundred-percent-fullwidth non-hundred-percent-height-scrolling\" style=\"--awb-border-radius-top-left:0px;--awb-border-radius-top-right:0px;--awb-border-radius-bottom-right:0px;--awb-border-radius-bottom-left:0px;--awb-padding-top:80px;--awb-padding-bottom:0px;--awb-padding-top-small:0px;--awb-padding-bottom-small:20px;--awb-flex-wrap:wrap;\" ><div class=\"fusion-builder-row fusion-row fusion-flex-align-items-flex-start fusion-flex-content-wrap\" style=\"max-width:1248px;margin-left: calc(-4% \/ 2 );margin-right: calc(-4% \/ 2 );\"><div class=\"fusion-layout-column fusion_builder_column fusion-builder-column-0 fusion_builder_column_1_1 1_1 fusion-flex-column\" style=\"--awb-bg-size:cover;--awb-width-large:100%;--awb-margin-top-large:0px;--awb-spacing-right-large:50px;--awb-margin-bottom-large:20px;--awb-spacing-left-large:50px;--awb-width-medium:100%;--awb-order-medium:0;--awb-spacing-right-medium:50px;--awb-spacing-left-medium:50px;--awb-width-small:100%;--awb-order-small:0;--awb-spacing-right-small:1.92%;--awb-spacing-left-small:1.92%;\"><div class=\"fusion-column-wrapper fusion-column-has-shadow fusion-flex-justify-content-flex-start fusion-content-layout-column\"><div class=\"fusion-text fusion-text-1 fusion-text-no-margin\" style=\"--awb-margin-bottom:40px;\"><h2 style=\"text-align: center;\"><span style=\"font-weight: 400;\">D\u00e9couvrez le conduit de fum\u00e9e pour fours Alfa<\/span><\/h2>\n<\/div><div class=\"fusion-text fusion-text-2\"><p>Le conduit Alfa est l\u2019accessoire id\u00e9al pour les fours \u00e0 pizza de la s\u00e9rie Quick.\u00a0 Il permet d\u2019\u00e9vacuer les fum\u00e9es et les vapeurs de mani\u00e8re ad\u00e9quate \u00e0 l\u2019ext\u00e9rieur, dans le plus strict\u00a0<strong>respect des r\u00e9glementations de s\u00e9curit\u00e9 et environnementales<\/strong>.<\/p>\n<p>Gr\u00e2ce \u00e0 la haute qualit\u00e9 des mat\u00e9riaux utilis\u00e9s, les conduits pour fours professionnels Alfa offrent\u00a0<strong>des performances et des standards \u00e9nerg\u00e9tiques constamment \u00e9lev\u00e9s.<\/strong><\/p>\n<p>Une gestion correcte des fum\u00e9es permet aux pizza\u00efolos de travailler dans des\u00a0<strong>environnements plus sains et sans odeur.<\/strong><\/p>\n<p>Installer un conduit de fum\u00e9e adapt\u00e9, c\u2019est aussi contribuer \u00e0 prot\u00e9ger le four.\u00a0 En effet, l\u2019usure et l\u2019accumulation de suie sont r\u00e9duites<\/p>\n<\/div><\/div><\/div><\/div><\/div><div class=\"fusion-fullwidth fullwidth-box fusion-builder-row-2 fusion-flex-container has-pattern-background has-mask-background nonhundred-percent-fullwidth non-hundred-percent-height-scrolling\" style=\"--awb-border-radius-top-left:0px;--awb-border-radius-top-right:0px;--awb-border-radius-bottom-right:0px;--awb-border-radius-bottom-left:0px;--awb-padding-top:100px;--awb-padding-bottom:100px;--awb-padding-top-medium:80px;--awb-padding-bottom-medium:70px;--awb-padding-top-small:20px;--awb-padding-right-small:0px;--awb-padding-bottom-small:30px;--awb-padding-left-small:0px;--awb-background-color:#ffffff;--awb-flex-wrap:wrap;\" ><div class=\"fusion-builder-row fusion-row fusion-flex-align-items-center fusion-flex-content-wrap\" style=\"max-width:1248px;margin-left: calc(-4% \/ 2 );margin-right: calc(-4% \/ 2 );\"><div class=\"fusion-layout-column fusion_builder_column fusion-builder-column-1 fusion_builder_column_1_2 1_2 fusion-flex-column fusion-flex-align-self-stretch\" style=\"--awb-padding-top:120px;--awb-padding-right:80px;--awb-padding-left:45px;--awb-padding-top-medium:40px;--awb-padding-right-medium:30px;--awb-padding-bottom-medium:30px;--awb-padding-left-medium:30px;--awb-padding-top-small:30px;--awb-padding-right-small:20px;--awb-padding-left-small:20px;--awb-bg-color:#d3ad80;--awb-bg-color-hover:#d3ad80;--awb-bg-size:cover;--awb-width-large:50%;--awb-margin-top-large:0px;--awb-spacing-right-large:0px;--awb-margin-bottom-large:20px;--awb-spacing-left-large:3.84%;--awb-width-medium:50%;--awb-order-medium:0;--awb-spacing-right-medium:0px;--awb-spacing-left-medium:3.84%;--awb-width-small:100%;--awb-order-small:0;--awb-spacing-right-small:1.92%;--awb-margin-bottom-small:0px;--awb-spacing-left-small:1.92%;\"><div class=\"fusion-column-wrapper fusion-column-has-shadow fusion-flex-justify-content-flex-start fusion-content-layout-column\"><div class=\"fusion-text fusion-text-3 fusion-text-no-margin\" style=\"--awb-margin-bottom:20px;\"><h2>Voulez-vous savoir quel four vous correspond le mieux?<\/h2>\n<\/div><div class=\"sm-text-align-left\" style=\"text-align:center;\"><a class=\"fusion-button button-flat fusion-button-default-size button-custom fusion-button-default button-1 fusion-button-default-span fusion-button-default-type\" style=\"--button_accent_color:var(--awb-color1);--button_accent_hover_color:var(--awb-color1);--button_border_hover_color:var(--awb-color1);--button_gradient_top_color:#c7382e;--button_gradient_bottom_color:#c7382e;--button_gradient_top_color_hover:var(--awb-color6);--button_gradient_bottom_color_hover:var(--awb-color6);--button_font_size:17px;--button_line_height:17px;--button_padding-top:20px;--button_padding-right:30px;--button_padding-bottom:20px;--button_padding-left:30px;--button_typography-letter-spacing:1px;--button_typography-font-family:&quot;Open Sans&quot;;--button_typography-font-style:normal;--button_typography-font-weight:600;--button_margin-top:20px;\" target=\"_self\" href=\"\/fr\/telecharger-le-catalogue-pro\/\"><i class=\"fa-download fas awb-button__icon awb-button__icon--default button-icon-left\" aria-hidden=\"true\"><\/i><span class=\"fusion-button-text awb-button__text awb-button__text--default\">T\u00e9l\u00e9chargez le catalogue professionnel \u203a<\/span><\/a><\/div><\/div><\/div><div class=\"fusion-layout-column fusion_builder_column fusion-builder-column-2 fusion_builder_column_1_2 1_2 fusion-flex-column fusion-flex-align-self-stretch\" style=\"--awb-padding-top:20px;--awb-padding-right:50px;--awb-padding-bottom:30px;--awb-padding-top-medium:40px;--awb-padding-right-medium:30px;--awb-padding-bottom-medium:30px;--awb-padding-left-medium:30px;--awb-padding-top-small:0px;--awb-padding-right-small:0px;--awb-padding-bottom-small:20px;--awb-padding-left-small:0px;--awb-bg-color:#d3ad80;--awb-bg-color-hover:#d3ad80;--awb-bg-size:cover;--awb-width-large:50%;--awb-margin-top-large:0px;--awb-spacing-right-large:3.84%;--awb-margin-bottom-large:20px;--awb-spacing-left-large:0px;--awb-width-medium:50%;--awb-order-medium:0;--awb-spacing-right-medium:3.84%;--awb-spacing-left-medium:0px;--awb-width-small:100%;--awb-order-small:0;--awb-spacing-right-small:1.92%;--awb-spacing-left-small:1.92%;\"><div class=\"fusion-column-wrapper fusion-column-has-shadow fusion-flex-justify-content-flex-start fusion-content-layout-column\"><div class=\"fusion-image-element \" style=\"text-align:center;--awb-caption-title-font-family:var(--h2_typography-font-family);--awb-caption-title-font-weight:var(--h2_typography-font-weight);--awb-caption-title-font-style:var(--h2_typography-font-style);--awb-caption-title-size:var(--h2_typography-font-size);--awb-caption-title-transform:var(--h2_typography-text-transform);--awb-caption-title-line-height:var(--h2_typography-line-height);--awb-caption-title-letter-spacing:var(--h2_typography-letter-spacing);\"><span class=\" fusion-imageframe imageframe-none imageframe-1 hover-type-none\"><img decoding=\"async\" width=\"432\" height=\"506\"  src=\"http:\/\/www.alfaforni.com\/wp-content\/uploads\/2021\/12\/catalogo-pro-2024.png\" class=\"img-responsive wp-image-52987\" alt=\"\" srcset=\"https:\/\/pro.alfaforni.com\/wp-content\/uploads\/2021\/12\/catalogo-pro-2024-384x450.png 384w, https:\/\/pro.alfaforni.com\/wp-content\/uploads\/2021\/12\/catalogo-pro-2024.png 432w\" sizes=\"(max-width: 432px) 100vw, 432px\" \/><\/span><\/div><\/div><\/div><\/div><\/div><div class=\"fusion-fullwidth fullwidth-box fusion-builder-row-3 fusion-flex-container has-pattern-background has-mask-background nonhundred-percent-fullwidth non-hundred-percent-height-scrolling\" style=\"--awb-border-radius-top-left:0px;--awb-border-radius-top-right:0px;--awb-border-radius-bottom-right:0px;--awb-border-radius-bottom-left:0px;--awb-padding-top:80px;--awb-padding-bottom:140px;--awb-padding-top-small:40px;--awb-padding-bottom-small:80px;--awb-margin-bottom:-60px;--awb-margin-bottom-small:-60px;--awb-background-color:#efe8e2;--awb-flex-wrap:wrap;\" ><div class=\"fusion-builder-row fusion-row fusion-flex-align-items-flex-start fusion-flex-content-wrap\" style=\"max-width:1248px;margin-left: calc(-4% \/ 2 );margin-right: calc(-4% \/ 2 );\"><div class=\"fusion-layout-column fusion_builder_column fusion-builder-column-3 fusion_builder_column_1_1 1_1 fusion-flex-column\" style=\"--awb-bg-size:cover;--awb-width-large:100%;--awb-margin-top-large:0px;--awb-spacing-right-large:1.92%;--awb-margin-bottom-large:20px;--awb-spacing-left-large:1.92%;--awb-width-medium:100%;--awb-order-medium:0;--awb-spacing-right-medium:1.92%;--awb-spacing-left-medium:1.92%;--awb-width-small:100%;--awb-order-small:0;--awb-spacing-right-small:1.92%;--awb-spacing-left-small:1.92%;\"><div class=\"fusion-column-wrapper fusion-column-has-shadow fusion-flex-justify-content-flex-start fusion-content-layout-column\"><div class=\"fusion-text fusion-text-4\"><h2 style=\"text-align: center;\">D\u00e9couvrez les accessoires<\/h2>\n<\/div><div class=\"fusion-text fusion-text-5 fusion-text-no-margin\" style=\"--awb-margin-top:30px;--awb-margin-bottom:40px;\"><div class=\"vc_custom_1697458858780\">\n<div id=\"text-block-13\" class=\"mk-text-block  jupiter-donut-\">\n<p style=\"text-align: center;\"><a href=\"https:\/\/pro.alfaforni.com\/fr\/instruments-professionnels\/\">D\u00e9couvrez tous les accessoires \u203a<\/a><\/p>\n<\/div>\n<\/div>\n<\/div><div class=\"fusion-woo-product-grid fusion-product-archive fusion-woo-product-grid-1 fusion-woo-product-grid-spacing-off hide-price hide-rating hide-buttons has-column-spacing\" style=\"--awb-grid-border-color:rgba(234,234,234,0);--awb-column-spacing-margin:calc((35px)\/ -2);--awb-column-spacing-padding:calc((35px)\/ 2);\"><ul class=\"products products-3\"><li class=\"product type-product post-53307 status-publish first instock product_cat-accessoires-pour-fours-a-bois product_cat-accessoires-professionnels has-post-thumbnail shipping-taxable product-type-simple product-grid-view woo-variation-gallery-product\">\n\t<div class=\"fusion-product-wrapper\">\n<a href=\"https:\/\/pro.alfaforni.com\/fr\/produit\/kit-de-pelles-professionnelles-alfa-36cm\/\" class=\"product-images\" aria-label=\"Kit de pelles professionnelles Alfa &#8211; 36cm\">\n\n<div class=\"featured-image crossfade-images\">\n\t<img decoding=\"async\" width=\"500\" height=\"500\" src=\"https:\/\/pro.alfaforni.com\/wp-content\/uploads\/2023\/10\/pala-per-pizza-3-500x500.jpg\" class=\"hover-image\" alt=\"\" srcset=\"https:\/\/pro.alfaforni.com\/wp-content\/uploads\/2023\/10\/pala-per-pizza-3-50x50.jpg 50w, https:\/\/pro.alfaforni.com\/wp-content\/uploads\/2023\/10\/pala-per-pizza-3-66x66.jpg 66w, https:\/\/pro.alfaforni.com\/wp-content\/uploads\/2023\/10\/pala-per-pizza-3-100x100.jpg 100w, https:\/\/pro.alfaforni.com\/wp-content\/uploads\/2023\/10\/pala-per-pizza-3-400x400.jpg 400w, https:\/\/pro.alfaforni.com\/wp-content\/uploads\/2023\/10\/pala-per-pizza-3-450x450.jpg 450w, https:\/\/pro.alfaforni.com\/wp-content\/uploads\/2023\/10\/pala-per-pizza-3-500x500.jpg 500w, https:\/\/pro.alfaforni.com\/wp-content\/uploads\/2023\/10\/pala-per-pizza-3-600x600.jpg 600w, https:\/\/pro.alfaforni.com\/wp-content\/uploads\/2023\/10\/pala-per-pizza-3-700x700.jpg 700w, https:\/\/pro.alfaforni.com\/wp-content\/uploads\/2023\/10\/pala-per-pizza-3-768x768.jpg 768w, https:\/\/pro.alfaforni.com\/wp-content\/uploads\/2023\/10\/pala-per-pizza-3-800x800.jpg 800w, https:\/\/pro.alfaforni.com\/wp-content\/uploads\/2023\/10\/pala-per-pizza-3-1024x1024.jpg 1024w, https:\/\/pro.alfaforni.com\/wp-content\/uploads\/2023\/10\/pala-per-pizza-3-1200x1200.jpg 1200w, https:\/\/pro.alfaforni.com\/wp-content\/uploads\/2023\/10\/pala-per-pizza-3-1536x1536.jpg 1536w\" sizes=\"(max-width: 500px) 100vw, 500px\" >\t<img decoding=\"async\" width=\"500\" height=\"500\" src=\"https:\/\/pro.alfaforni.com\/wp-content\/uploads\/2023\/12\/senza-titolo-1-500x500.png\" class=\"attachment-woocommerce_thumbnail size-woocommerce_thumbnail wp-post-image\" alt=\"\" srcset=\"https:\/\/pro.alfaforni.com\/wp-content\/uploads\/2023\/12\/senza-titolo-1-50x50.png 50w, https:\/\/pro.alfaforni.com\/wp-content\/uploads\/2023\/12\/senza-titolo-1-66x66.png 66w, https:\/\/pro.alfaforni.com\/wp-content\/uploads\/2023\/12\/senza-titolo-1-100x100.png 100w, https:\/\/pro.alfaforni.com\/wp-content\/uploads\/2023\/12\/senza-titolo-1-400x400.png 400w, https:\/\/pro.alfaforni.com\/wp-content\/uploads\/2023\/12\/senza-titolo-1-450x450.png 450w, https:\/\/pro.alfaforni.com\/wp-content\/uploads\/2023\/12\/senza-titolo-1-500x500.png 500w, https:\/\/pro.alfaforni.com\/wp-content\/uploads\/2023\/12\/senza-titolo-1-600x600.png 600w, https:\/\/pro.alfaforni.com\/wp-content\/uploads\/2023\/12\/senza-titolo-1-700x700.png 700w, https:\/\/pro.alfaforni.com\/wp-content\/uploads\/2023\/12\/senza-titolo-1-768x768.png 768w, https:\/\/pro.alfaforni.com\/wp-content\/uploads\/2023\/12\/senza-titolo-1-800x800.png 800w, https:\/\/pro.alfaforni.com\/wp-content\/uploads\/2023\/12\/senza-titolo-1-1024x1024.png 1024w, https:\/\/pro.alfaforni.com\/wp-content\/uploads\/2023\/12\/senza-titolo-1-1200x1200.png 1200w, https:\/\/pro.alfaforni.com\/wp-content\/uploads\/2023\/12\/senza-titolo-1-1536x1536.png 1536w\" sizes=\"(max-width: 500px) 100vw, 500px\" >\n\t\t\t\t\t\t<div class=\"cart-loading\"><i class=\"awb-icon-spinner\" aria-hidden=\"true\"><\/i><\/div>\n\t\t\t<\/div>\n<\/a>\n<div class=\"fusion-product-content\">\n\t<div class=\"product-details\">\n\t\t<div class=\"product-details-container\">\n<h3 class=\"product-title\">\n\t<a href=\"https:\/\/pro.alfaforni.com\/fr\/produit\/kit-de-pelles-professionnelles-alfa-36cm\/\">\n\t\tKit de pelles professionnelles Alfa &#8211; 36cm\t<\/a>\n<\/h3>\n<div class=\"fusion-price-rating\">\n\n\t\t<\/div>\n\t<\/div>\n<\/div>\n\n\n\t<div class=\"product-buttons\">\n\t\t<div class=\"fusion-content-sep sep-double sep-solid\"><\/div>\n\t\t<div class=\"product-buttons-container clearfix\">\n\n<a href=\"https:\/\/pro.alfaforni.com\/fr\/produit\/kit-de-pelles-professionnelles-alfa-36cm\/\" class=\"show_details_button\" style=\"float:none;max-width:none;text-align:center;\">\n\tDetails<\/a>\n\n\n\t<\/div>\n\t<\/div>\n\n\t<\/div> <\/div>\n<\/li>\n<li class=\"product type-product post-53394 status-publish instock product_cat-accessoires-pour-fours-a-bois product_cat-accessoires-professionnels has-post-thumbnail shipping-taxable product-type-simple product-grid-view woo-variation-gallery-product\">\n\t<div class=\"fusion-product-wrapper\">\n<a href=\"https:\/\/pro.alfaforni.com\/fr\/produit\/kit-de-pelles-professionnelles-alfa\/\" class=\"product-images\" aria-label=\"Kit de pelles professionnelles Alfa &#8211; 30cm\">\n\n<div class=\"featured-image crossfade-images\">\n\t<img decoding=\"async\" width=\"500\" height=\"500\" src=\"https:\/\/pro.alfaforni.com\/wp-content\/uploads\/2023\/12\/pala-quadrata-500x500.png\" class=\"hover-image\" alt=\"\" srcset=\"https:\/\/pro.alfaforni.com\/wp-content\/uploads\/2023\/12\/pala-quadrata-50x50.png 50w, https:\/\/pro.alfaforni.com\/wp-content\/uploads\/2023\/12\/pala-quadrata-100x100.png 100w, https:\/\/pro.alfaforni.com\/wp-content\/uploads\/2023\/12\/pala-quadrata-450x450.png 450w, https:\/\/pro.alfaforni.com\/wp-content\/uploads\/2023\/12\/pala-quadrata-500x500.png 500w, https:\/\/pro.alfaforni.com\/wp-content\/uploads\/2023\/12\/pala-quadrata-600x600.png 600w, https:\/\/pro.alfaforni.com\/wp-content\/uploads\/2023\/12\/pala-quadrata-700x700.png 700w, https:\/\/pro.alfaforni.com\/wp-content\/uploads\/2023\/12\/pala-quadrata-768x768.png 768w, https:\/\/pro.alfaforni.com\/wp-content\/uploads\/2023\/12\/pala-quadrata-1024x1024.png 1024w, https:\/\/pro.alfaforni.com\/wp-content\/uploads\/2023\/12\/pala-quadrata-1536x1536.png 1536w\" sizes=\"(max-width: 500px) 100vw, 500px\" >\t<img decoding=\"async\" width=\"500\" height=\"500\" src=\"https:\/\/pro.alfaforni.com\/wp-content\/uploads\/2023\/12\/senza-titolo-2-1-500x500.png\" class=\"attachment-woocommerce_thumbnail size-woocommerce_thumbnail wp-post-image\" alt=\"\" srcset=\"https:\/\/pro.alfaforni.com\/wp-content\/uploads\/2023\/12\/senza-titolo-2-1-50x50.png 50w, https:\/\/pro.alfaforni.com\/wp-content\/uploads\/2023\/12\/senza-titolo-2-1-66x66.png 66w, https:\/\/pro.alfaforni.com\/wp-content\/uploads\/2023\/12\/senza-titolo-2-1-100x100.png 100w, https:\/\/pro.alfaforni.com\/wp-content\/uploads\/2023\/12\/senza-titolo-2-1-400x400.png 400w, https:\/\/pro.alfaforni.com\/wp-content\/uploads\/2023\/12\/senza-titolo-2-1-450x450.png 450w, https:\/\/pro.alfaforni.com\/wp-content\/uploads\/2023\/12\/senza-titolo-2-1-500x500.png 500w, https:\/\/pro.alfaforni.com\/wp-content\/uploads\/2023\/12\/senza-titolo-2-1-600x600.png 600w, https:\/\/pro.alfaforni.com\/wp-content\/uploads\/2023\/12\/senza-titolo-2-1-700x700.png 700w, https:\/\/pro.alfaforni.com\/wp-content\/uploads\/2023\/12\/senza-titolo-2-1-768x768.png 768w, https:\/\/pro.alfaforni.com\/wp-content\/uploads\/2023\/12\/senza-titolo-2-1-800x800.png 800w, https:\/\/pro.alfaforni.com\/wp-content\/uploads\/2023\/12\/senza-titolo-2-1-1024x1024.png 1024w, https:\/\/pro.alfaforni.com\/wp-content\/uploads\/2023\/12\/senza-titolo-2-1-1200x1200.png 1200w, https:\/\/pro.alfaforni.com\/wp-content\/uploads\/2023\/12\/senza-titolo-2-1-1536x1536.png 1536w\" sizes=\"(max-width: 500px) 100vw, 500px\" >\n\t\t\t\t\t\t<div class=\"cart-loading\"><i class=\"awb-icon-spinner\" aria-hidden=\"true\"><\/i><\/div>\n\t\t\t<\/div>\n<\/a>\n<div class=\"fusion-product-content\">\n\t<div class=\"product-details\">\n\t\t<div class=\"product-details-container\">\n<h3 class=\"product-title\">\n\t<a href=\"https:\/\/pro.alfaforni.com\/fr\/produit\/kit-de-pelles-professionnelles-alfa\/\">\n\t\tKit de pelles professionnelles Alfa &#8211; 30cm\t<\/a>\n<\/h3>\n<div class=\"fusion-price-rating\">\n\n\t\t<\/div>\n\t<\/div>\n<\/div>\n\n\n\t<div class=\"product-buttons\">\n\t\t<div class=\"fusion-content-sep sep-double sep-solid\"><\/div>\n\t\t<div class=\"product-buttons-container clearfix\">\n\n<a href=\"https:\/\/pro.alfaforni.com\/fr\/produit\/kit-de-pelles-professionnelles-alfa\/\" class=\"show_details_button\" style=\"float:none;max-width:none;text-align:center;\">\n\tDetails<\/a>\n\n\n\t<\/div>\n\t<\/div>\n\n\t<\/div> <\/div>\n<\/li>\n<li class=\"product type-product post-53281 status-publish last instock product_cat-accessoires-pour-fours-a-bois product_cat-accessoires-professionnels has-post-thumbnail shipping-taxable product-type-simple product-grid-view woo-variation-gallery-product\">\n\t<div class=\"fusion-product-wrapper\">\n<a href=\"https:\/\/pro.alfaforni.com\/fr\/produit\/tisonnier-2\/\" class=\"product-images\" aria-label=\"Tisonnier\">\n\n<div class=\"featured-image crossfade-images\">\n\t<img decoding=\"async\" width=\"500\" height=\"500\" src=\"https:\/\/pro.alfaforni.com\/wp-content\/uploads\/2021\/12\/ember-rake-alfa-forni-1-500x500.jpeg\" class=\"hover-image\" alt=\"\" srcset=\"https:\/\/pro.alfaforni.com\/wp-content\/uploads\/2021\/12\/ember-rake-alfa-forni-1-100x100.jpeg 100w, https:\/\/pro.alfaforni.com\/wp-content\/uploads\/2021\/12\/ember-rake-alfa-forni-1-300x300.jpeg 300w, https:\/\/pro.alfaforni.com\/wp-content\/uploads\/2021\/12\/ember-rake-alfa-forni-1-450x450.jpeg 450w, https:\/\/pro.alfaforni.com\/wp-content\/uploads\/2021\/12\/ember-rake-alfa-forni-1-500x500.jpeg 500w, https:\/\/pro.alfaforni.com\/wp-content\/uploads\/2021\/12\/ember-rake-alfa-forni-1-600x600.jpeg 600w, https:\/\/pro.alfaforni.com\/wp-content\/uploads\/2021\/12\/ember-rake-alfa-forni-1-700x700.jpeg 700w, https:\/\/pro.alfaforni.com\/wp-content\/uploads\/2021\/12\/ember-rake-alfa-forni-1-768x768.jpeg 768w, https:\/\/pro.alfaforni.com\/wp-content\/uploads\/2021\/12\/ember-rake-alfa-forni-1-1024x1024.jpeg 1024w, https:\/\/pro.alfaforni.com\/wp-content\/uploads\/2021\/12\/ember-rake-alfa-forni-1.jpeg 1200w\" sizes=\"(max-width: 500px) 100vw, 500px\" >\t<img decoding=\"async\" width=\"500\" height=\"500\" src=\"https:\/\/pro.alfaforni.com\/wp-content\/uploads\/2021\/12\/ember-rake-alfa-forni-500x500.jpeg\" class=\"attachment-woocommerce_thumbnail size-woocommerce_thumbnail wp-post-image\" alt=\"\" srcset=\"https:\/\/pro.alfaforni.com\/wp-content\/uploads\/2021\/12\/ember-rake-alfa-forni-50x50.jpeg 50w, https:\/\/pro.alfaforni.com\/wp-content\/uploads\/2021\/12\/ember-rake-alfa-forni-66x66.jpeg 66w, https:\/\/pro.alfaforni.com\/wp-content\/uploads\/2021\/12\/ember-rake-alfa-forni-100x100.jpeg 100w, https:\/\/pro.alfaforni.com\/wp-content\/uploads\/2021\/12\/ember-rake-alfa-forni-300x300.jpeg 300w, https:\/\/pro.alfaforni.com\/wp-content\/uploads\/2021\/12\/ember-rake-alfa-forni-400x400.jpeg 400w, https:\/\/pro.alfaforni.com\/wp-content\/uploads\/2021\/12\/ember-rake-alfa-forni-450x450.jpeg 450w, https:\/\/pro.alfaforni.com\/wp-content\/uploads\/2021\/12\/ember-rake-alfa-forni-500x500.jpeg 500w, https:\/\/pro.alfaforni.com\/wp-content\/uploads\/2021\/12\/ember-rake-alfa-forni-600x600.jpeg 600w, https:\/\/pro.alfaforni.com\/wp-content\/uploads\/2021\/12\/ember-rake-alfa-forni-700x700.jpeg 700w, https:\/\/pro.alfaforni.com\/wp-content\/uploads\/2021\/12\/ember-rake-alfa-forni-768x768.jpeg 768w, https:\/\/pro.alfaforni.com\/wp-content\/uploads\/2021\/12\/ember-rake-alfa-forni-800x800.jpeg 800w, https:\/\/pro.alfaforni.com\/wp-content\/uploads\/2021\/12\/ember-rake-alfa-forni-1024x1024.jpeg 1024w, https:\/\/pro.alfaforni.com\/wp-content\/uploads\/2021\/12\/ember-rake-alfa-forni.jpeg 1200w\" sizes=\"(max-width: 500px) 100vw, 500px\" >\n\t\t\t\t\t\t<div class=\"cart-loading\"><i class=\"awb-icon-spinner\" aria-hidden=\"true\"><\/i><\/div>\n\t\t\t<\/div>\n<\/a>\n<div class=\"fusion-product-content\">\n\t<div class=\"product-details\">\n\t\t<div class=\"product-details-container\">\n<h3 class=\"product-title\">\n\t<a href=\"https:\/\/pro.alfaforni.com\/fr\/produit\/tisonnier-2\/\">\n\t\tTisonnier\t<\/a>\n<\/h3>\n<div class=\"fusion-price-rating\">\n\n\t\t<\/div>\n\t<\/div>\n<\/div>\n\n\n\t<div class=\"product-buttons\">\n\t\t<div class=\"fusion-content-sep sep-double sep-solid\"><\/div>\n\t\t<div class=\"product-buttons-container clearfix\">\n\n<a href=\"https:\/\/pro.alfaforni.com\/fr\/produit\/tisonnier-2\/\" class=\"show_details_button\" style=\"float:none;max-width:none;text-align:center;\">\n\tDetails<\/a>\n\n\n\t<\/div>\n\t<\/div>\n\n\t<\/div> <\/div>\n<\/li>\n<\/ul><\/div><\/div><\/div><\/div><\/div><\/p>\n","protected":false},"excerpt":{"rendered":"<h2 id=\"accessories-title\">Conduit de fum\u00e9e Alfa<\/h2>\n<p>Le conduit de fum\u00e9e Alfa facilite l&rsquo;\u00e9vacuation des fum\u00e9es et permet <strong>d&rsquo;installer des fours \u00e0 pizza professionnels en ext\u00e9rieur.<\/strong><\/p>\n<p>Fabriqu\u00e9s en acier inoxydable, les conduits Alfa sont con\u00e7us et construits pour r\u00e9sister aux temp\u00e9ratures \u00e9lev\u00e9es et \u00e0 la corrosion.<\/p>\n<p>La qualit\u00e9 de fabrication permet aux fum\u00e9es et vapeurs d\u00e9gag\u00e9es lors de la cuisson de s&rsquo;\u00e9chapper correctement \u00e0 l&rsquo;ext\u00e9rieur en toute s\u00e9curit\u00e9<\/p>\n<ul>\n<li><strong>Fabriqu\u00e9 en acier inoxydable \u00e9pais 8\/10 ; <\/strong><\/li>\n<li><strong>Fabriqu\u00e9 en Italie ; <\/strong><\/li>\n<li><strong>Compatible avec les fours de la s\u00e9rie Quick Alfa.<\/strong><\/li>\n<\/ul>\n","protected":false},"featured_media":52405,"template":"","meta":{"_acf_changed":false},"product_brand":[],"product_cat":[184,348],"product_tag":[],"class_list":{"0":"post-53292","1":"product","2":"type-product","3":"status-publish","4":"has-post-thumbnail","6":"product_cat-accessoires-pour-fours-a-bois","7":"product_cat-accessoires-professionnels","9":"first","10":"instock","11":"shipping-taxable","12":"product-type-simple"},"acf":[],"_links":{"self":[{"href":"https:\/\/pro.alfaforni.com\/fr\/wp-json\/wp\/v2\/product\/53292","targetHints":{"allow":["GET"]}}],"collection":[{"href":"https:\/\/pro.alfaforni.com\/fr\/wp-json\/wp\/v2\/product"}],"about":[{"href":"https:\/\/pro.alfaforni.com\/fr\/wp-json\/wp\/v2\/types\/product"}],"wp:featuredmedia":[{"embeddable":true,"href":"https:\/\/pro.alfaforni.com\/fr\/wp-json\/wp\/v2\/media\/52405"}],"wp:attachment":[{"href":"https:\/\/pro.alfaforni.com\/fr\/wp-json\/wp\/v2\/media?parent=53292"}],"wp:term":[{"taxonomy":"product_brand","embeddable":true,"href":"https:\/\/pro.alfaforni.com\/fr\/wp-json\/wp\/v2\/product_brand?post=53292"},{"taxonomy":"product_cat","embeddable":true,"href":"https:\/\/pro.alfaforni.com\/fr\/wp-json\/wp\/v2\/product_cat?post=53292"},{"taxonomy":"product_tag","embeddable":true,"href":"https:\/\/pro.alfaforni.com\/fr\/wp-json\/wp\/v2\/product_tag?post=53292"}],"curies":[{"name":"wp","href":"https:\/\/api.w.org\/{rel}","templated":true}]}}