{"id":31737,"date":"2021-12-30T19:38:02","date_gmt":"2021-12-30T18:38:02","guid":{"rendered":"https:\/\/pro.alfaforni.com\/blog\/"},"modified":"2024-08-08T13:07:59","modified_gmt":"2024-08-08T11:07:59","slug":"blog","status":"publish","type":"page","link":"https:\/\/pro.alfaforni.com\/de\/blog\/","title":{"rendered":"Blog"},"content":{"rendered":"<p><div class=\"fusion-fullwidth fullwidth-box fusion-builder-row-1 fusion-flex-container has-pattern-background has-mask-background nonhundred-percent-fullwidth non-hundred-percent-height-scrolling\" style=\"--awb-border-radius-top-left:0px;--awb-border-radius-top-right:0px;--awb-border-radius-bottom-right:0px;--awb-border-radius-bottom-left:0px;--awb-margin-top:-50px;--awb-flex-wrap:wrap;\" ><div class=\"fusion-builder-row fusion-row fusion-flex-align-items-flex-start fusion-flex-content-wrap\" style=\"max-width:1248px;margin-left: calc(-4% \/ 2 );margin-right: calc(-4% \/ 2 );\"><div class=\"fusion-layout-column fusion_builder_column fusion-builder-column-0 fusion_builder_column_1_1 1_1 fusion-flex-column\" style=\"--awb-bg-size:cover;--awb-width-large:100%;--awb-margin-top-large:0px;--awb-spacing-right-large:1.92%;--awb-margin-bottom-large:20px;--awb-spacing-left-large:1.92%;--awb-width-medium:100%;--awb-order-medium:0;--awb-spacing-right-medium:1.92%;--awb-spacing-left-medium:1.92%;--awb-width-small:100%;--awb-order-small:0;--awb-spacing-right-small:1.92%;--awb-spacing-left-small:1.92%;\"><div class=\"fusion-column-wrapper fusion-column-has-shadow fusion-flex-justify-content-flex-start fusion-content-layout-column\"><div class=\"fusion-text fusion-text-1\"><h1>Blog<\/h1>\n<\/div><div class=\"fusion-text fusion-text-2 fusion-text-no-margin\" style=\"--awb-margin-bottom:60px;\"><h3>Entdecken Sie den neuen Blog von Alfa Forni, in dem sich alles um die Welt der Pizza, die gute K\u00fcche und vor allem das perfekte Garen dreht!<\/h3>\n<p>Im Folgenden finden Sie viele interessante und n\u00fctzliche Artikel rund um das Thema Pizza, professionelle und heimische Garmethoden, feines Essen und darum, wie Sie es am besten mit einem Alfa-Pizzaofen richtig zubereiten und Ihre Freunde und Kunden mit Ihrer Kochkunst und leckeren Rezepten verbl\u00fcffen!<\/p>\n<p>Dar\u00fcber hinaus gibt es viele hilfreiche Tipps zur Pflege und Reinigung Ihres Ofens, und viel Wissenswertes \u00fcber Grilltechniken!<\/p>\n<p><strong>M\u00f6chten Sie mitmachen? Schicken Sie Ihren Beitrag an die Alfa-Redaktion und Sie k\u00f6nnen durch Ihre Nutzungserfahrungen, Ihre Anregungen und, warum nicht\u2026 Ihre leckeren und kreativen Rezepte einer der Protagonisten des Blogs werden!<\/strong><\/p>\n<p>Haben Sie spezielle Fragen oder interessiert Sie ein bestimmtes Thema? Schreiben Sie eine E-Mail an\u00a0<a href=\"https:\/\/pro.alfaforni.com\/de\/kontakte\/\">info@alfaforni.com<\/a>\u00a0und schaffen Sie Ideen f\u00fcr neue Artikel und Vademecums.<\/p>\n<\/div><\/div><\/div><\/div><\/div><div class=\"fusion-fullwidth fullwidth-box fusion-builder-row-2 fusion-flex-container has-pattern-background has-mask-background nonhundred-percent-fullwidth non-hundred-percent-height-scrolling\" style=\"--awb-border-radius-top-left:0px;--awb-border-radius-top-right:0px;--awb-border-radius-bottom-right:0px;--awb-border-radius-bottom-left:0px;--awb-margin-bottom:-60px;--awb-background-color:rgba(239,232,226,0);--awb-flex-wrap:wrap;\" ><div class=\"fusion-builder-row fusion-row fusion-flex-align-items-flex-start fusion-flex-content-wrap\" style=\"max-width:1248px;margin-left: calc(-4% \/ 2 );margin-right: calc(-4% \/ 2 );\"><div class=\"fusion-layout-column fusion_builder_column fusion-builder-column-1 fusion_builder_column_1_1 1_1 fusion-flex-column\" style=\"--awb-bg-size:cover;--awb-width-large:100%;--awb-margin-top-large:0px;--awb-spacing-right-large:1.92%;--awb-margin-bottom-large:20px;--awb-spacing-left-large:1.92%;--awb-width-medium:100%;--awb-order-medium:0;--awb-spacing-right-medium:1.92%;--awb-spacing-left-medium:1.92%;--awb-width-small:100%;--awb-order-small:0;--awb-spacing-right-small:1.92%;--awb-spacing-left-small:1.92%;\"><div class=\"fusion-column-wrapper fusion-column-has-shadow fusion-flex-justify-content-flex-start fusion-content-layout-column\"><div class=\"fusion-recent-posts fusion-recent-posts-1 avada-container layout-default layout-columns-2 fusion-recent-posts-left fusion-recent-posts-infinite fusion-recent-posts-load-more\" data-pages=\"5\"><section class=\"fusion-columns columns fusion-columns-2 columns-2\"><article class=\"post fusion-column column col col-lg-6 col-md-6 col-sm-6\"><div class=\"fusion-flexslider fusion-flexslider-loading flexslider flexslider-hover-type-none\"><ul class=\"slides\"><li><a href=\"https:\/\/pro.alfaforni.com\/de\/professioneller-pizzaofen-als-tischgeraet-oder-mit-untergestell-warum-die-doppelte-konfiguration-ein-vorteil-ist\/\" aria-label=\"Professioneller Pizzaofen als Tischger\u00e4t oder mit Untergestell: Warum die doppelte Konfiguration ein Vorteil ist\" class=\"hover-type-none\"><img decoding=\"async\" width=\"700\" height=\"441\" src=\"https:\/\/pro.alfaforni.com\/wp-content\/uploads\/2026\/03\/Quick-e-Zeno-700x441.jpg\" class=\"attachment-recent-posts size-recent-posts\" alt=\"\" srcset=\"https:\/\/pro.alfaforni.com\/wp-content\/uploads\/2026\/03\/Quick-e-Zeno-320x202.jpg 320w, https:\/\/pro.alfaforni.com\/wp-content\/uploads\/2026\/03\/Quick-e-Zeno-700x441.jpg 700w\" sizes=\"(max-width: 700px) 100vw, 700px\" ><\/a><\/li><\/ul><\/div><div class=\"recent-posts-content\"><span class=\"vcard\" style=\"display: none;\"><span class=\"fn\"><a href=\"https:\/\/pro.alfaforni.com\/de\/author\/i-valeri\/\"  rel=\"author\">Ilaria Valeri<\/a><\/span><\/span><span class=\"updated\" style=\"display:none;\">2026-03-26T08:28:38+01:00<\/span><h3 class=\"entry-title\"><a href=\"https:\/\/pro.alfaforni.com\/de\/professioneller-pizzaofen-als-tischgeraet-oder-mit-untergestell-warum-die-doppelte-konfiguration-ein-vorteil-ist\/\">Professioneller Pizzaofen als Tischger\u00e4t oder mit Untergestell: Warum die doppelte Konfiguration ein Vorteil ist<\/a><\/h3><p> Im Bereich der professionellen Gastronomie ver\u00e4ndert sich die K\u00fcchenplanung rasant. Neue Restaurantkonzepte, kompakte Pizzerien und offene K\u00fcchen erfordern immer flexiblere Ger\u00e4te, die sich an unterschiedliche R\u00e4ume und Layouts anpassen k\u00f6nnen. Aus diesem Grund sind [...]<\/p><\/div><\/article><article class=\"post fusion-column column col col-lg-6 col-md-6 col-sm-6\"><div class=\"fusion-flexslider fusion-flexslider-loading flexslider flexslider-hover-type-none\"><ul class=\"slides\"><li><a href=\"https:\/\/pro.alfaforni.com\/de\/ofen-zeno-associazione-pizza-romana\/\" aria-label=\"Elektrischer Ofen Zeno, genehmigt von der Associazione Pizza Romana: die Anerkennung auf der Sigep 2026\" class=\"hover-type-none\"><img decoding=\"async\" width=\"700\" height=\"441\" src=\"https:\/\/pro.alfaforni.com\/wp-content\/uploads\/2026\/02\/Foto-Zeno-Sigep-2026-x-web-700x441.jpg\" class=\"attachment-recent-posts size-recent-posts\" alt=\"\" srcset=\"https:\/\/pro.alfaforni.com\/wp-content\/uploads\/2026\/02\/Foto-Zeno-Sigep-2026-x-web-320x202.jpg 320w, https:\/\/pro.alfaforni.com\/wp-content\/uploads\/2026\/02\/Foto-Zeno-Sigep-2026-x-web-700x441.jpg 700w\" sizes=\"(max-width: 700px) 100vw, 700px\" ><\/a><\/li><\/ul><\/div><div class=\"recent-posts-content\"><span class=\"vcard\" style=\"display: none;\"><span class=\"fn\"><a href=\"https:\/\/pro.alfaforni.com\/de\/author\/i-valeri\/\"  rel=\"author\">Ilaria Valeri<\/a><\/span><\/span><span class=\"updated\" style=\"display:none;\">2026-02-13T16:36:27+01:00<\/span><h3 class=\"entry-title\"><a href=\"https:\/\/pro.alfaforni.com\/de\/ofen-zeno-associazione-pizza-romana\/\">Elektrischer Ofen Zeno, genehmigt von der Associazione Pizza Romana: die Anerkennung auf der Sigep 2026<\/a><\/h3><p> Das Jahr 2026 markiert einen wichtigen Meilenstein f\u00fcr Alfa Forni: Der professionelle Elektroofen Zeno wurde offiziell von der Associazione Pizza Romana, anerkannt \u2013 der ma\u00dfgeblichen Institution zum Schutz und zur F\u00f6rderung der authentischen Pizza [...]<\/p><\/div><\/article><article class=\"post fusion-column column col col-lg-6 col-md-6 col-sm-6\"><div class=\"fusion-flexslider fusion-flexslider-loading flexslider flexslider-hover-type-none\"><ul class=\"slides\"><li><a href=\"https:\/\/pro.alfaforni.com\/de\/alfa-oefen-tradition-innovation-professionelle-pizza\/\" aria-label=\"Die professionellen Alfa-\u00d6fen: Handwerkskunst, Innovation und Erfolg in der Pizzaherstellung\" class=\"hover-type-none\"><img decoding=\"async\" width=\"700\" height=\"441\" src=\"https:\/\/pro.alfaforni.com\/wp-content\/uploads\/2024\/11\/Dettaglio-archetto-Napoli-700x441.jpg\" class=\"attachment-recent-posts size-recent-posts\" alt=\"Archetto Napoli Forno professionale Alfa Forni\" srcset=\"https:\/\/pro.alfaforni.com\/wp-content\/uploads\/2024\/11\/Dettaglio-archetto-Napoli-320x202.jpg 320w, https:\/\/pro.alfaforni.com\/wp-content\/uploads\/2024\/11\/Dettaglio-archetto-Napoli-700x441.jpg 700w\" sizes=\"(max-width: 700px) 100vw, 700px\" ><\/a><\/li><\/ul><\/div><div class=\"recent-posts-content\"><span class=\"vcard\" style=\"display: none;\"><span class=\"fn\"><a href=\"https:\/\/pro.alfaforni.com\/de\/author\/e-valente\/\"  rel=\"author\">e.valente<\/a><\/span><\/span><span class=\"updated\" style=\"display:none;\">2024-12-02T08:36:32+01:00<\/span><h3 class=\"entry-title\"><a href=\"https:\/\/pro.alfaforni.com\/de\/alfa-oefen-tradition-innovation-professionelle-pizza\/\">Die professionellen Alfa-\u00d6fen: Handwerkskunst, Innovation und Erfolg in der Pizzaherstellung<\/a><\/h3><p> Die professionellen Alfa-\u00d6fen stehen f\u00fcr die perfekte Verbindung italienischer Handwerkskunst mit innovativer Technologie. Sie sind speziell f\u00fcr K\u00f6che und Pizzab\u00e4cker konzipiert, die ihren Kunden ein herausragendes Produkt bieten m\u00f6chten. Jeder Ofen wird mit \u00e4u\u00dferster [...]<\/p><\/div><\/article><article class=\"post fusion-column column col col-lg-6 col-md-6 col-sm-6\"><div class=\"fusion-flexslider fusion-flexslider-loading flexslider flexslider-hover-type-none\"><ul class=\"slides\"><li><a href=\"https:\/\/pro.alfaforni.com\/de\/quick-professioneller-ofen-fuer-ihre-kueche\/\" aria-label=\"Schnell, schnell und leicht. Der professionelle Backofen passend f\u00fcr Ihre K\u00fcche\" class=\"hover-type-none\"><img decoding=\"async\" width=\"700\" height=\"397\" src=\"https:\/\/pro.alfaforni.com\/wp-content\/uploads\/2023\/07\/quick-4-pizze-wood-alfa-forni.jpg\" class=\"attachment-recent-posts size-recent-posts\" alt=\"\" srcset=\"https:\/\/pro.alfaforni.com\/wp-content\/uploads\/2023\/07\/quick-4-pizze-wood-alfa-forni-450x255.jpg 450w, https:\/\/pro.alfaforni.com\/wp-content\/uploads\/2023\/07\/quick-4-pizze-wood-alfa-forni-500x283.jpg 500w, https:\/\/pro.alfaforni.com\/wp-content\/uploads\/2023\/07\/quick-4-pizze-wood-alfa-forni-600x340.jpg 600w, https:\/\/pro.alfaforni.com\/wp-content\/uploads\/2023\/07\/quick-4-pizze-wood-alfa-forni-700x397.jpg 700w, https:\/\/pro.alfaforni.com\/wp-content\/uploads\/2023\/07\/quick-4-pizze-wood-alfa-forni-768x435.jpg 768w, https:\/\/pro.alfaforni.com\/wp-content\/uploads\/2023\/07\/quick-4-pizze-wood-alfa-forni.jpg 1270w\" sizes=\"(max-width: 700px) 100vw, 700px\" ><\/a><\/li><\/ul><\/div><div class=\"recent-posts-content\"><span class=\"vcard\" style=\"display: none;\"><span class=\"fn\"><a href=\"https:\/\/pro.alfaforni.com\/de\/author\/e-valente\/\"  rel=\"author\">e.valente<\/a><\/span><\/span><span class=\"updated\" style=\"display:none;\">2024-11-11T15:58:56+01:00<\/span><h3 class=\"entry-title\"><a href=\"https:\/\/pro.alfaforni.com\/de\/quick-professioneller-ofen-fuer-ihre-kueche\/\">Schnell, schnell und leicht. Der professionelle Backofen passend f\u00fcr Ihre K\u00fcche<\/a><\/h3><p> Traditionelle Pizza\u00f6fen: Vor- und Nachteile Traditionelle Pizza\u00f6fen, ob holz- oder gasbetrieben wie der Napoli von Alfa Forni, waren schon immer ein Ma\u00dfstab f\u00fcr das Backen von Pizza. Ihre Ziegelkonstruktion sorgt f\u00fcr au\u00dfergew\u00f6hnliche W\u00e4rmespeicherung und [...]<\/p><\/div><\/article><article class=\"post fusion-column column col col-lg-6 col-md-6 col-sm-6\"><div class=\"fusion-flexslider fusion-flexslider-loading flexslider flexslider-hover-type-none\"><ul class=\"slides\"><li><a href=\"https:\/\/pro.alfaforni.com\/de\/zeno-professionelle-elektrobackofen\/\" aria-label=\"Zeno: Hohe Leistung ohne Emissionen, die Zukunft des elektrischen Kochens\" class=\"hover-type-none\"><img decoding=\"async\" width=\"640\" height=\"360\" src=\"https:\/\/pro.alfaforni.com\/wp-content\/uploads\/2024\/10\/series-zeno-giuseppe-pinto-1.jpg\" class=\"attachment-recent-posts size-recent-posts\" alt=\"\" srcset=\"https:\/\/pro.alfaforni.com\/wp-content\/uploads\/2024\/10\/series-zeno-giuseppe-pinto-1-400x225.jpg 400w, https:\/\/pro.alfaforni.com\/wp-content\/uploads\/2024\/10\/series-zeno-giuseppe-pinto-1-450x253.jpg 450w, https:\/\/pro.alfaforni.com\/wp-content\/uploads\/2024\/10\/series-zeno-giuseppe-pinto-1-500x281.jpg 500w, https:\/\/pro.alfaforni.com\/wp-content\/uploads\/2024\/10\/series-zeno-giuseppe-pinto-1-600x338.jpg 600w, https:\/\/pro.alfaforni.com\/wp-content\/uploads\/2024\/10\/series-zeno-giuseppe-pinto-1.jpg 640w\" sizes=\"(max-width: 640px) 100vw, 640px\" ><\/a><\/li><\/ul><\/div><div class=\"recent-posts-content\"><span class=\"vcard\" style=\"display: none;\"><span class=\"fn\"><a href=\"https:\/\/pro.alfaforni.com\/de\/author\/italiandf\/\"  rel=\"author\">IDF<\/a><\/span><\/span><span class=\"updated\" style=\"display:none;\">2024-10-21T16:07:38+02:00<\/span><h3 class=\"entry-title\"><a href=\"https:\/\/pro.alfaforni.com\/de\/zeno-professionelle-elektrobackofen\/\">Zeno: Hohe Leistung ohne Emissionen, die Zukunft des elektrischen Kochens<\/a><\/h3><p> In der heutigen professionellen Gastronomie spielen technologische Innovation und Nachhaltigkeit eine zentrale Rolle. Der Bedarf an Emissionsreduzierung, Effizienzsteigerung und hoher Leistung hat viele professionelle K\u00fcchen dazu veranlasst, auf elektrische L\u00f6sungen umzusteigen. Der Zeno-Backofen, entworfen [...]<\/p><\/div><\/article><article class=\"post fusion-column column col col-lg-6 col-md-6 col-sm-6\"><div class=\"fusion-flexslider fusion-flexslider-loading flexslider flexslider-hover-type-none\"><ul class=\"slides\"><li><a href=\"https:\/\/pro.alfaforni.com\/de\/moderne-moebel-fuer-die-pizzeria\/\" aria-label=\"M\u00f6bel f\u00fcr die Pizzeria: 3 Elemente, die nicht fehlen d\u00fcrfen\" class=\"hover-type-none\"><img decoding=\"async\" width=\"700\" height=\"441\" src=\"https:\/\/pro.alfaforni.com\/wp-content\/uploads\/2020\/06\/opera-pizza-oven-horeca-700x441.jpg\" class=\"attachment-recent-posts size-recent-posts\" alt=\"arredamento per pizzeria\" srcset=\"https:\/\/pro.alfaforni.com\/wp-content\/uploads\/2020\/06\/opera-pizza-oven-horeca-320x202.jpg 320w, https:\/\/pro.alfaforni.com\/wp-content\/uploads\/2020\/06\/opera-pizza-oven-horeca-700x441.jpg 700w\" sizes=\"(max-width: 700px) 100vw, 700px\" ><\/a><\/li><\/ul><\/div><div class=\"recent-posts-content\"><span class=\"vcard\" style=\"display: none;\"><span class=\"fn\"><a href=\"https:\/\/pro.alfaforni.com\/de\/author\/admin\/\"  rel=\"author\">Stefano Evangelisti<\/a><\/span><\/span><span class=\"updated\" style=\"display:none;\">2024-04-12T09:53:34+02:00<\/span><h3 class=\"entry-title\"><a href=\"https:\/\/pro.alfaforni.com\/de\/moderne-moebel-fuer-die-pizzeria\/\">M\u00f6bel f\u00fcr die Pizzeria: 3 Elemente, die nicht fehlen d\u00fcrfen<\/a><\/h3><p>     Was macht eine Pizzeria einzigartig und in den Augen der Kunden sofort erkennbar\u00a0und unterscheidet sie von der Konkurrenz? Auf jeden Fall die Qualit\u00e4t der Zutaten und der Wohlgeschmack der angebotenen [...]<\/p><\/div><\/article><article class=\"post fusion-column column col col-lg-6 col-md-6 col-sm-6\"><div class=\"fusion-flexslider fusion-flexslider-loading flexslider flexslider-hover-type-none\"><ul class=\"slides\"><li><a href=\"https:\/\/pro.alfaforni.com\/de\/betrieb-einer-pizzeria\/\" aria-label=\"Wie betreibt man eine Pizzeria? Alles, was Sie wissen m\u00fcssen\" class=\"hover-type-none\"><img decoding=\"async\" width=\"700\" height=\"441\" src=\"https:\/\/pro.alfaforni.com\/wp-content\/uploads\/2022\/10\/20220928_142615-scaled-700x441.jpg\" class=\"attachment-recent-posts size-recent-posts\" alt=\"\" srcset=\"https:\/\/pro.alfaforni.com\/wp-content\/uploads\/2022\/10\/20220928_142615-scaled-320x202.jpg 320w, https:\/\/pro.alfaforni.com\/wp-content\/uploads\/2022\/10\/20220928_142615-scaled-700x441.jpg 700w\" sizes=\"(max-width: 700px) 100vw, 700px\" ><\/a><\/li><\/ul><\/div><div class=\"recent-posts-content\"><span class=\"vcard\" style=\"display: none;\"><span class=\"fn\"><a href=\"https:\/\/pro.alfaforni.com\/de\/author\/admin\/\"  rel=\"author\">Stefano Evangelisti<\/a><\/span><\/span><span class=\"updated\" style=\"display:none;\">2024-04-12T12:23:18+02:00<\/span><h3 class=\"entry-title\"><a href=\"https:\/\/pro.alfaforni.com\/de\/betrieb-einer-pizzeria\/\">Wie betreibt man eine Pizzeria? Alles, was Sie wissen m\u00fcssen<\/a><\/h3><p>Der Betrieb einer Pizzeria erfordert, wie der eines jeden anderen Unternehmens auch, Aufmerksamkeit und eine gute Portion an Organisation, um\u00a0Zeit und Ressourcen zu optimieren.Dies mag selbstverst\u00e4ndlich klingen, ist es aber nicht: Zu lernen, wie man [...]<\/p><\/div><\/article><article class=\"post fusion-column column col col-lg-6 col-md-6 col-sm-6\"><div class=\"fusion-flexslider fusion-flexslider-loading flexslider flexslider-hover-type-none\"><ul class=\"slides\"><li><a href=\"https:\/\/pro.alfaforni.com\/de\/wie-ein-restaurant-mit-glutenfreier-kueche-eroeffnet-wird\/\" aria-label=\"Glutenfreie K\u00fcche: Wie und warum ein Restaurant f\u00fcr Menschen mit Z\u00f6liakie er\u00f6ffnen\" class=\"hover-type-none\"><img decoding=\"async\" width=\"700\" height=\"441\" src=\"https:\/\/pro.alfaforni.com\/wp-content\/uploads\/2022\/09\/quattro-base-pizzaoven-alfa-pro-700x441.jpg\" class=\"attachment-recent-posts size-recent-posts\" alt=\"\" srcset=\"https:\/\/pro.alfaforni.com\/wp-content\/uploads\/2022\/09\/quattro-base-pizzaoven-alfa-pro-320x202.jpg 320w, https:\/\/pro.alfaforni.com\/wp-content\/uploads\/2022\/09\/quattro-base-pizzaoven-alfa-pro-700x441.jpg 700w\" sizes=\"(max-width: 700px) 100vw, 700px\" ><\/a><\/li><\/ul><\/div><div class=\"recent-posts-content\"><span class=\"vcard\" style=\"display: none;\"><span class=\"fn\"><a href=\"https:\/\/pro.alfaforni.com\/de\/author\/admin\/\"  rel=\"author\">Stefano Evangelisti<\/a><\/span><\/span><span class=\"updated\" style=\"display:none;\">2024-05-15T11:07:25+02:00<\/span><h3 class=\"entry-title\"><a href=\"https:\/\/pro.alfaforni.com\/de\/wie-ein-restaurant-mit-glutenfreier-kueche-eroeffnet-wird\/\">Glutenfreie K\u00fcche: Wie und warum ein Restaurant f\u00fcr Menschen mit Z\u00f6liakie er\u00f6ffnen<\/a><\/h3><p> Z\u00f6liakie ist eine der am weitesten verbreiteten Unvertr\u00e4glichkeiten weltweit. Allein in Italien gibt es rund 600.000 Menschen, die auf einige Grundnahrungsmittel der mediterranen K\u00fcche wie das traditionelle Brot, Pizza und Pasta verzichten m\u00fcssen. Die [...]<\/p><\/div><\/article><article class=\"post fusion-column column col col-lg-6 col-md-6 col-sm-6\"><div class=\"fusion-flexslider fusion-flexslider-loading flexslider flexslider-hover-type-none\"><ul class=\"slides\"><li><a href=\"https:\/\/pro.alfaforni.com\/de\/professionelle-pizzaoefen-kaufberatung\/\" aria-label=\"Professionelle Pizza\u00f6fen: Kaufberatung\" class=\"hover-type-none\"><img decoding=\"async\" width=\"700\" height=\"441\" src=\"https:\/\/pro.alfaforni.com\/wp-content\/uploads\/2021\/12\/el-munta-trastevere-roma-700x441.jpeg\" class=\"attachment-recent-posts size-recent-posts\" alt=\"\" srcset=\"https:\/\/pro.alfaforni.com\/wp-content\/uploads\/2021\/12\/el-munta-trastevere-roma-320x202.jpeg 320w, https:\/\/pro.alfaforni.com\/wp-content\/uploads\/2021\/12\/el-munta-trastevere-roma-700x441.jpeg 700w\" sizes=\"(max-width: 700px) 100vw, 700px\" ><\/a><\/li><\/ul><\/div><div class=\"recent-posts-content\"><span class=\"vcard\" style=\"display: none;\"><span class=\"fn\"><a href=\"https:\/\/pro.alfaforni.com\/de\/author\/admin\/\"  rel=\"author\">Stefano Evangelisti<\/a><\/span><\/span><span class=\"updated\" style=\"display:none;\">2024-04-16T11:26:26+02:00<\/span><h3 class=\"entry-title\"><a href=\"https:\/\/pro.alfaforni.com\/de\/professionelle-pizzaoefen-kaufberatung\/\">Professionelle Pizza\u00f6fen: Kaufberatung<\/a><\/h3><p>Eine perfekt gebackene Pizza erfordert einen professionellen Backofen, der den besonderen Anforderungen eines professionellen Einsatzes gewachsen ist.\u00a0Produktionseffizienz, gleichbleibend gleichm\u00e4\u00dfiges Garen, einfache Handhabung und ein gepflegtes Design\u00a0sind nur einige der Versprechen, die ein guter Pizzaofen halten [...]<\/p><\/div><\/article><article class=\"post fusion-column column col col-lg-6 col-md-6 col-sm-6\"><div class=\"fusion-flexslider fusion-flexslider-loading flexslider flexslider-hover-type-none\"><ul class=\"slides\"><li><a href=\"https:\/\/pro.alfaforni.com\/de\/wie-sie-ihre-pizzeria-erneuern\/\" aria-label=\"Corona-Leitfaden f\u00fcr die Erneuerung Ihrer Pizzeria\" class=\"hover-type-none\"><img decoding=\"async\" width=\"700\" height=\"441\" src=\"https:\/\/pro.alfaforni.com\/wp-content\/uploads\/2021\/12\/opera-pizza-oven-horeca-1200x600-1-700x441.jpeg\" class=\"attachment-recent-posts size-recent-posts\" alt=\"\" srcset=\"https:\/\/pro.alfaforni.com\/wp-content\/uploads\/2021\/12\/opera-pizza-oven-horeca-1200x600-1-320x202.jpeg 320w, https:\/\/pro.alfaforni.com\/wp-content\/uploads\/2021\/12\/opera-pizza-oven-horeca-1200x600-1-700x441.jpeg 700w\" sizes=\"(max-width: 700px) 100vw, 700px\" ><\/a><\/li><\/ul><\/div><div class=\"recent-posts-content\"><span class=\"vcard\" style=\"display: none;\"><span class=\"fn\"><a href=\"https:\/\/pro.alfaforni.com\/de\/author\/admin\/\"  rel=\"author\">Stefano Evangelisti<\/a><\/span><\/span><span class=\"updated\" style=\"display:none;\">2024-04-17T10:23:11+02:00<\/span><h3 class=\"entry-title\"><a href=\"https:\/\/pro.alfaforni.com\/de\/wie-sie-ihre-pizzeria-erneuern\/\">Corona-Leitfaden f\u00fcr die Erneuerung Ihrer Pizzeria<\/a><\/h3><p>Das Gastst\u00e4ttengewerbe ist mit am st\u00e4rksten von der Corona-Krise betroffen. Seit vielen Monaten k\u00e4mpfen Unternehmer in dieser Branche mit drastischen Betriebseinschr\u00e4nkungen und starken Umsatzr\u00fcckg\u00e4ngen. In vielen F\u00e4llen konnte sogar nicht mehr gearbeitet werden. Restaurants, Bars [...]<\/p><\/div><\/article><\/section><div class=\"fusion-infinite-scroll-trigger\"><\/div><div class=\"pagination infinite-scroll clearfix\" style=\"display:none;\"><span class=\"current\">1<\/span><a href=\"https:\/\/pro.alfaforni.com\/de\/wp-json\/wp\/v2\/pages\/31737\/page\/2\/\" class=\"inactive\">2<\/a><a class=\"pagination-next\" rel=\"next\" href=\"https:\/\/pro.alfaforni.com\/de\/wp-json\/wp\/v2\/pages\/31737\/page\/2\/\"><span class=\"page-text\">Next<\/span><span class=\"page-next\"><\/span><\/a><\/div><div class=\"fusion-clearfix\"><\/div><button class=\"fusion-load-more-button fusion-blog-button fusion-clearfix\">Load More Posts<\/button><\/div><\/div><\/div><\/div><\/div><\/p>\n","protected":false},"excerpt":{"rendered":"","protected":false},"author":900,"featured_media":0,"parent":0,"menu_order":0,"comment_status":"closed","ping_status":"closed","template":"","meta":{"_acf_changed":false,"footnotes":""},"class_list":["post-31737","page","type-page","status-publish","hentry"],"acf":[],"_links":{"self":[{"href":"https:\/\/pro.alfaforni.com\/de\/wp-json\/wp\/v2\/pages\/31737","targetHints":{"allow":["GET"]}}],"collection":[{"href":"https:\/\/pro.alfaforni.com\/de\/wp-json\/wp\/v2\/pages"}],"about":[{"href":"https:\/\/pro.alfaforni.com\/de\/wp-json\/wp\/v2\/types\/page"}],"author":[{"embeddable":true,"href":"https:\/\/pro.alfaforni.com\/de\/wp-json\/wp\/v2\/users\/900"}],"replies":[{"embeddable":true,"href":"https:\/\/pro.alfaforni.com\/de\/wp-json\/wp\/v2\/comments?post=31737"}],"version-history":[{"count":5,"href":"https:\/\/pro.alfaforni.com\/de\/wp-json\/wp\/v2\/pages\/31737\/revisions"}],"predecessor-version":[{"id":64845,"href":"https:\/\/pro.alfaforni.com\/de\/wp-json\/wp\/v2\/pages\/31737\/revisions\/64845"}],"wp:attachment":[{"href":"https:\/\/pro.alfaforni.com\/de\/wp-json\/wp\/v2\/media?parent=31737"}],"curies":[{"name":"wp","href":"https:\/\/api.w.org\/{rel}","templated":true}]}}